{"id":2001,"date":"2026-04-29T16:49:09","date_gmt":"2026-04-29T16:49:09","guid":{"rendered":"https:\/\/www.expliquesonge.fr\/?page_id=2001"},"modified":"2026-04-29T16:54:52","modified_gmt":"2026-04-29T16:54:52","slug":"saison-2025-2026","status":"publish","type":"page","link":"https:\/\/www.expliquesonge.fr\/?page_id=2001","title":{"rendered":"Saison 2025-2026"},"content":{"rendered":"\n<p><strong>DE LA NUIT A L&rsquo;AUBE<br>Texte : Val\u00e9rie Castel Jordy<\/strong><br><strong><br>R\u00e9sidences de cr\u00e9ation&nbsp;:<\/strong><br>Du 22 septembre au 3 octobre \u00e0 la salle du <strong>Th\u00e9\u00e2tre de la Jacquerie de Villejuif<\/strong><br>Du 6 au 10 octobre au <strong>Th\u00e9\u00e2tre de Sartrouville et des Yvelines &#8211; CDN<\/strong><br>Du 13 au 16 octobre \u00e0 <strong>L&rsquo;Espace Andr\u00e9 Malraux d&rsquo;Herblay-sur-Seine<\/strong><br>Du 20 au 24 octobre au <strong>Conservatoire L\u00e9o Delibes de Clichy<\/strong><br>Du 27 au 31 octobre au <strong>Th\u00e9\u00e2tre Olympe de Gouges de Montauban<\/strong><br>Du 10 au 15 novembre \u00e0 <strong>Anis Gras, le lieu de l&rsquo;Autre \u00e0 Arcueil<\/strong><\/p>\n\n\n\n<p><strong>Sorties de r\u00e9sidence&nbsp;:<\/strong><br>9 octobre \u00e0 15h au <strong>Th\u00e9\u00e2tre de Sartrouville et des Yvelines &#8211; CDN<\/strong><br>15 octobre \u00e0 20h \u00e0 <strong>L&rsquo;Espace Andr\u00e9 Malraux d&rsquo;Herblay-sur-Seine<\/strong><br>23 octobre \u00e0 15h au <strong>Conservatoire L\u00e9o Delibes de Clichy<\/strong><\/p>\n\n\n\n<p><strong>Pr\u00e9sentation de projet&nbsp;:<\/strong><br>13 octobre \u00e0 11h30 au <strong>Briscope, Th\u00e9\u00e2tre de Brignais<\/strong><\/p>\n\n\n\n<p><strong>Cr\u00e9ation&nbsp;et tourn\u00e9e :<\/strong><br>3 novembre \u00e0 15h et 4 novembre \u00e0 20h30 au<strong> Th\u00e9\u00e2tre Olympe de Gouges de Montauban<\/strong><br>Du 12 au 15 novembre \u00e0 19h30 et le 13 et 14 novembre \u00e0 14h30 \u00e0<strong> Anis Gras, le lieu de l&rsquo;Autre \u00e0 Arcueil<\/strong><br>13 f\u00e9vrier \u00e0 20h30 \u00e0 <strong>L&rsquo;Espace Culturel Le Chai de Capendu<\/strong><br>10 avril \u00e0 20h30 au<strong> Th\u00e9\u00e2tre dans les Vignes de Couffoulens<\/strong><br>Tourn\u00e9e dans les sites ICAM (\u00e9coles d&rsquo;ing\u00e9nieur.e.s)&nbsp;: 10 f\u00e9vrier \u00e0 19h30 au <strong>site de Nantes<\/strong>, 7 avril \u00e0 19h30 au <strong>site de Lille<\/strong>, 13 avril \u00e0 19h30 au <strong>site de Toulouse<\/strong>, 15 avril \u00e0 19h30 au <strong>site de Strasbourg<\/strong>, 17 avril \u00e0 15h au <strong>site de Grand Paris Sud, Lieusaint<\/strong><\/p>\n\n\n\n<p><strong>AU COEUR DES CENDRES<br>Texte : Etty Hillesum et Val\u00e9rie Castel Jordy<\/strong><br><br>8 juin \u00e0 20h \u00e0 la <strong>Salle Panop\u00e9e de Vanves en partenariat avec le CEMAS<\/strong><\/p>\n\n\n\n<p><strong>ASSOIFFES<br>Texte : Val\u00e9rie Castel Jordy<\/strong><br><br>Pr\u00e9sentation de la pi\u00e8ce avec lecture d&rsquo;extraits : <br><br>11 juillet \u00e0 16h15 au <strong>Festival d&rsquo;Avignon en collaboration avec la SACD<\/strong><\/p>\n\n\n\n<p><strong>Au Conservatoire du Grand Avignon Olivier Messiaen<\/strong><\/p>\n\n\n\n<p><\/p>\n","protected":false},"excerpt":{"rendered":"<p>DE LA NUIT A L&rsquo;AUBETexte : Val\u00e9rie Castel JordyR\u00e9sidences de cr\u00e9ation&nbsp;:Du 22 septembre au 3 octobre \u00e0 la salle du Th\u00e9\u00e2tre de la Jacquerie de VillejuifDu 6 au 10 octobre au Th\u00e9\u00e2tre de Sartrouville et des Yvelines &#8211; CDNDu 13 &hellip; <a href=\"https:\/\/www.expliquesonge.fr\/?page_id=2001\">Continuer la lecture <span class=\"meta-nav\">&rarr;<\/span><\/a><\/p>\n","protected":false},"author":4,"featured_media":0,"parent":0,"menu_order":0,"comment_status":"closed","ping_status":"closed","template":"","meta":{"ngg_post_thumbnail":0,"footnotes":""},"class_list":["post-2001","page","type-page","status-publish","hentry"],"_links":{"self":[{"href":"https:\/\/www.expliquesonge.fr\/index.php?rest_route=\/wp\/v2\/pages\/2001","targetHints":{"allow":["GET"]}}],"collection":[{"href":"https:\/\/www.expliquesonge.fr\/index.php?rest_route=\/wp\/v2\/pages"}],"about":[{"href":"https:\/\/www.expliquesonge.fr\/index.php?rest_route=\/wp\/v2\/types\/page"}],"author":[{"embeddable":true,"href":"https:\/\/www.expliquesonge.fr\/index.php?rest_route=\/wp\/v2\/users\/4"}],"replies":[{"embeddable":true,"href":"https:\/\/www.expliquesonge.fr\/index.php?rest_route=%2Fwp%2Fv2%2Fcomments&post=2001"}],"version-history":[{"count":3,"href":"https:\/\/www.expliquesonge.fr\/index.php?rest_route=\/wp\/v2\/pages\/2001\/revisions"}],"predecessor-version":[{"id":2007,"href":"https:\/\/www.expliquesonge.fr\/index.php?rest_route=\/wp\/v2\/pages\/2001\/revisions\/2007"}],"wp:attachment":[{"href":"https:\/\/www.expliquesonge.fr\/index.php?rest_route=%2Fwp%2Fv2%2Fmedia&parent=2001"}],"curies":[{"name":"wp","href":"https:\/\/api.w.org\/{rel}","templated":true}]}}